{"id":2615,"date":"2015-09-12T06:33:59","date_gmt":"2015-09-12T06:33:59","guid":{"rendered":"http:\/\/lila-spirit.ro\/wp\/?page_id=2615"},"modified":"2015-09-14T09:18:55","modified_gmt":"2015-09-14T09:18:55","slug":"despre-relatia-dintre-subconstient-ego","status":"publish","type":"page","link":"https:\/\/lila-spirit.ro\/wp\/?page_id=2615","title":{"rendered":"Despre rela\u021bia dintre subcon\u0219tient \u0219i ego&#8230;"},"content":{"rendered":"<p><strong>\u00centrebare:<\/strong> Care este rela\u021bia dintre subcon\u0219tient \u0219i ego? Sunt \u201cno\u021biuni\u201d diferite? Au leg\u0103tur\u0103?<\/p>\n<p>Ce se \u00eent\u00e2mpl\u0103 cu ego-ul dup\u0103 moarte?<\/p>\n<p>&nbsp;<\/p>\n<p><strong>Comentariu (Gabi C.):<\/strong><\/p>\n<p><strong>\u00a0<\/strong><\/p>\n<p>At\u00e2t timp c\u00e2t nu putem cuprinde inteligen\u021ba Existen\u021bei \u0219i imensa ei complexitate, putem doar s\u0103 schi\u021b\u0103m ceva care aduce vag cu ea, a\u0219a cum un portret f\u0103cut de un copil aproximeaz\u0103 chipul unui om.<\/p>\n<p>C\u00e2nd omul percepe ceva, \u00eencearc\u0103 s\u0103 traduc\u0103 acel ceva cu mintea lui, pentru c\u0103 doar instrumentul \u0103sta \u00eel are, propria minte, \u0219i cu ea deseneaz\u0103 puncte, linii \u0219i cercule\u021be \u0219i spune c\u0103 uite, asta e realitatea\u2026 Vreau doar s\u0103 spun c\u0103 asta fac \u0219i eu acum, o schem\u0103 mult prea simpl\u0103, conform\u0103 cu min\u021bile noastre.<\/p>\n<p>&nbsp;<\/p>\n<p><strong>Omul este un flux energo-informa\u021bional<\/strong>, format din multe, diferite \u0219i \u00eentrep\u0103trunse frecven\u021be, sau din multe calit\u0103\u021bi ale energiei, sau din multe feluri de energie sau c\u00e2mpuri de energie. Nu conteaz\u0103 dac\u0103 le numim frecven\u021be sau benzi de frecven\u021b\u0103, sau c\u00e2mpuri de anumite frecven\u021be. (Benzile definite ca frecven\u021be cuprinse \u00eentre anumite valori, nu ca succesiune de paralele.)<\/p>\n<p>Corpul este un c\u00e2mp ordonat de o anumit\u0103 frecven\u021b\u0103, este o energie care vibreaz\u0103, care exist\u0103 \u00een anumi\u021bi parametri.<\/p>\n<p>Mintea, la fel, este \u0219i ea un c\u00e2mp cu o anumit\u0103 frecven\u021b\u0103. Fiecare g\u00e2nd este o emisie de c\u00e2mp. Fiecare amintire, uitat\u0103 sau nu, este tot o cuant\u0103 de energie. Fiecare emo\u021bie, fiecare gest, fiecare ac\u021biune, totul este energie-informa\u021bie de o anumit\u0103 lungime de und\u0103. Toate amintirile noastre sunt o frecven\u021b\u0103 de camp, amintirile din toate vie\u021bile, din toate timpurile.<\/p>\n<p>Iar omul este suma acestor c\u00e2mpuri.<\/p>\n<p>\u0218i numim o parte a acestui c\u00e2mp<strong> subcon\u0219tient<\/strong>, pentru c\u0103 nu este con\u0219tient, pentru c\u0103 habar nu avem c\u0103 exist\u0103.<\/p>\n<p>\u00cen aceast\u0103 \u201cbucat\u0103 din noi pe care o numim subcon\u0219tient\u201d &#8211; intr\u0103 amintirile noastre uitate din toate vie\u021bile, toat\u0103 experien\u021ba noastr\u0103, tot ceea ce am \u00eenv\u0103\u021bat\/achizi\u021bionat vreodat\u0103, \u201cbune \u0219i rele\u201d, tot ceea ce am tr\u0103it ca emo\u021bie, sentiment, \u00eent\u00e2mplare, este acolo, toate emo\u021biile noastre reprimate\u2026 \u00cen subcon\u0219tient intr\u0103 programele noastre de via\u021b\u0103, tiparele mental-emo\u021bional-reac\u021bionale. <em>Subcon\u0219tientul este o baz\u0103 de date pe care o acces\u0103m permanent, complet incon\u0219tient. Func\u021biile noastre con\u0219tiente sunt minuscule fa\u021b\u0103 de cele subcon\u0219tiente. <\/em> \u0218i da, este un c\u00e2mp energo-informa\u021bional cu anumite frecven\u021be.<\/p>\n<p>&nbsp;<\/p>\n<p>Alt\u0103 parte din c\u00e2mp o numim <strong>con\u0219tient<\/strong>, cea pe care o cunoa\u0219tem.<\/p>\n<p>&nbsp;<\/p>\n<p>Iar ceea ce numim noi <strong><u>ego<\/u><\/strong> este o structur\u0103 format\u0103 din <strong><u>subcon\u0219tientul \u0219i con\u0219tientul <\/u><\/strong><u>nostru<\/u>, deci tot un c\u00e2mp \u00een care energia \u0219i informa\u021bia vibreaz\u0103 cu anumite lungimi de und\u0103. <strong>Mintea de lucru<\/strong> face parte \u0219i ea din aceast\u0103 structur\u0103 complex\u0103. Ea este puntea dintre con\u0219tient \u0219i subcon\u0219tient, e un cumul de programe \u0219i set\u0103ri subcon\u0219tiento-con\u0219tiente.<\/p>\n<p>&nbsp;<\/p>\n<p>Iar Existen\u021ba manifest\u0103 aceste c\u00e2mpuri. <em><u>Ele nu sunt separate, \u00eemp\u0103r\u021birea e didactic\u0103, pentru Existen\u021b\u0103 \u00eemp\u0103r\u021birea nu exist\u0103.<\/u><\/em><\/p>\n<p>Cum anume? Noi suntem manifestarea lor, <strong>noi cu toate ale noastre,<\/strong> de la destin, p\u0103rin\u021bi, copii, meserie, partener, stare de s\u0103n\u0103tate, bani, p\u00e2n\u0103 la hainele pe care le purt\u0103m, m\u00e2ncarea pe care o m\u00e2nc\u0103m, p\u00e2n\u0103 la expresia fe\u021bei noastre, la replicile dintr-o conversa\u021bie, tot, tot, tot.<\/p>\n<p><strong>\u00a0<\/strong><\/p>\n<p>Iar <strong>evolu\u021bia<\/strong> \u00eenseamn\u0103 schimbarea frecven\u021bei c\u00e2mpului, \u201crafinarea\u201d, cum zice Indra.<\/p>\n<p>Tot ceea ce facem, de la discurs la practic\u0103 &#8211; la asta serve\u0219te.<\/p>\n<p>Repet, <strong>a evolua \u00eenseamn\u0103 a rafina frecven\u021ba c\u00e2mpului, a ie\u0219i din intervalul de frecven\u021b\u0103 al egoului<\/strong>. Ceea ce se manifest\u0103 <strong>prin a deveni con\u0219tient cu adev\u0103rat<\/strong>, a vedea Existen\u021ba, Universul, a sim\u021bi \u00een ce parte curge via\u021ba.<\/p>\n<p>Sau altfel spus a deveni con\u0219tient c\u0103 exist\u0103 \u0219i alt fel de energie \u0219i de informa\u021bie, apar\u021bin\u00e2nd altui interval de und\u0103.<\/p>\n<p>&nbsp;<\/p>\n<p>A sta \u00een banda egoului numim <strong>a te identifica<\/strong> cu el, a nu \u0219ti c\u0103 mai este \u0219i altceva. \u201c\u0218tiut\u201d &#8211; \u00een sensul de perceput\/ sim\u021bit, fiecare personal, nu c\u0103 ne spune Indra.<\/p>\n<p>&nbsp;<\/p>\n<p>Existen\u021ba este ca un mare c\u00e2mp informa\u021bional din care noi vedem, suntem, o f\u00e2\u0219ie minuscul\u0103. \u00cen momentul \u00een care evolu\u0103m, vedem mai mult. Dar nu numai c\u0103 <em>vedem<\/em> mai mult, <em>suntem<\/em> mai mult, devenim mai mult, \u0219tim mai mult, p\u00e2n\u0103 la a fi totul, p\u00e2n\u0103 la a fi totul ca poten\u021bialitate, adic\u0103 Nimic.<\/p>\n<p>&nbsp;<\/p>\n<p>Prin cur\u0103\u021barea subcon\u0219tientului de la sal\u0103 &#8211; noi rafin\u0103m frecven\u021bele, asta facem.<\/p>\n<p>Pentru c\u0103 nu putem func\u021biona abstract \u0219i nu putem pur \u0219i simplu face saltul cuantic \u0219i ie\u0219i din banda egoului \u0219i subcon\u0219tientului, atunci ne folosim de manifest\u0103rile vizibile ale egoului \u0219i spunem: uite, asta este o manifestare de ego, \u0219i cealalt\u0103 \u0219i cealalt\u0103; acestea reprezint\u0103 banda lui sau manifest\u0103rile programelor mentale din subcon\u0219tient. \u0218i spunem: folose\u0219te starea de martor, prezen\u021ba permanent\u0103\u2026 pentru ca \u00eencet, \u0219i pas cu pas, s\u0103 schimb\u0103m frecven\u021ba, s\u0103 ie\u0219im din identificarea cu egoul, s\u0103-l putem vedea.<\/p>\n<p>&nbsp;<\/p>\n<p>Repet\u0103m :<\/p>\n<p><strong>A evolua \u00eenseamn\u0103 a schimba definitiv frecven\u021ba c\u00e2mpului care suntem. <\/strong><\/p>\n<p>Sau cum zice Indra, \u201ca s\u0103ri \u00een canalul central, \u00een nondualitate\u201d.<\/p>\n<p>Cum lucrul \u0103sta este abstract \u0219i nimeni nu poate face asta, facem asane, exerci\u021bii de prezen\u021b\u0103, de con\u0219tientizare, ap\u0103s\u0103m pe buboaiele oamenilor ca s\u0103-i doar\u0103, altfel ei nici nu \u0219tiu c\u0103 le au, dren\u0103m puroie informa\u021bionale, url\u0103m, citim, ascult\u0103m, \u00eencerc\u0103m s\u0103 medit\u0103m\u2026..<\/p>\n<p>Sau \u00eentr-o singur\u0103 fraz\u0103:<\/p>\n<p><strong>Tot ceea ce suntem, facem, g\u00e2ndim, \u0219tim, totul se petrece \u00eentre anumite lungimi de und\u0103 care corespund egoului, <u>din care ego face parte \u0219i subcon\u0219tientul<\/u>, <\/strong>asta ca s\u0103 r\u0103spund punctual la \u00eentrebare<strong>. <\/strong><\/p>\n<p><strong><u>A evolua \u00eenseamn\u0103 a trece \u00een alt\u0103 band\u0103 de frecven\u021b\u0103<\/u><\/strong><strong>. <\/strong><\/p>\n<p>&nbsp;<\/p>\n<p>C\u00e2nd murim doar forma de manifestare numit\u0103 corp se transform\u0103.<\/p>\n<p>Dar c\u00e2mpul r\u0103m\u00e2ne, cu frecven\u021ba lui cu tot, \u0219i Existen\u021ba va citi din nou c\u00e2mpul cu toate informa\u021biile din el &#8211; <em>\u0219i va creea alte manifest\u0103ri ale aceluia\u0219i subcon\u0219tient, ale aceluia\u0219i ego<\/em>. Baza de date r\u0103m\u00e2ne intact\u0103, \u0219i se vor recreea pove\u0219ti similare &#8211; \u00een \u00eencercarea de a evolua. \u0218i exact asta \u00eenseamn\u0103 re\u00eencarnare.<\/p>\n<p>&nbsp;<\/p>\n<p>C\u00e2mpul trebuie rafinat \u0219i Existen\u021ba lucreaz\u0103 pentru asta\u2026<\/p>\n<p>&nbsp;<\/p>\n<p><strong>\u00a0<\/strong><\/p>\n<p>&nbsp;<\/p>\n<p>&nbsp;<\/p>\n<p>&nbsp;<\/p>\n<p>&nbsp;<\/p>\n<p>&nbsp;<\/p>\n<p>&nbsp;<\/p>\n","protected":false},"excerpt":{"rendered":"<p>\u00centrebare: Care este rela\u021bia dintre subcon\u0219tient \u0219i ego? Sunt \u201cno\u021biuni\u201d diferite? Au leg\u0103tur\u0103? Ce se \u00eent\u00e2mpl\u0103 cu ego-ul dup\u0103 moarte? &nbsp; Comentariu (Gabi C.): \u00a0 At\u00e2t timp c\u00e2t nu putem cuprinde inteligen\u021ba Existen\u021bei \u0219i imensa ei complexitate, putem doar s\u0103 schi\u021b\u0103m ceva care aduce vag cu ea, a\u0219a cum un portret f\u0103cut de un copil [&hellip;]<\/p>\n","protected":false},"author":1,"featured_media":0,"parent":2617,"menu_order":0,"comment_status":"closed","ping_status":"open","template":"","meta":[],"_links":{"self":[{"href":"https:\/\/lila-spirit.ro\/wp\/index.php?rest_route=\/wp\/v2\/pages\/2615"}],"collection":[{"href":"https:\/\/lila-spirit.ro\/wp\/index.php?rest_route=\/wp\/v2\/pages"}],"about":[{"href":"https:\/\/lila-spirit.ro\/wp\/index.php?rest_route=\/wp\/v2\/types\/page"}],"author":[{"embeddable":true,"href":"https:\/\/lila-spirit.ro\/wp\/index.php?rest_route=\/wp\/v2\/users\/1"}],"replies":[{"embeddable":true,"href":"https:\/\/lila-spirit.ro\/wp\/index.php?rest_route=%2Fwp%2Fv2%2Fcomments&post=2615"}],"version-history":[{"count":2,"href":"https:\/\/lila-spirit.ro\/wp\/index.php?rest_route=\/wp\/v2\/pages\/2615\/revisions"}],"predecessor-version":[{"id":2630,"href":"https:\/\/lila-spirit.ro\/wp\/index.php?rest_route=\/wp\/v2\/pages\/2615\/revisions\/2630"}],"up":[{"embeddable":true,"href":"https:\/\/lila-spirit.ro\/wp\/index.php?rest_route=\/wp\/v2\/pages\/2617"}],"wp:attachment":[{"href":"https:\/\/lila-spirit.ro\/wp\/index.php?rest_route=%2Fwp%2Fv2%2Fmedia&parent=2615"}],"curies":[{"name":"wp","href":"https:\/\/api.w.org\/{rel}","templated":true}]}}