{"id":3913,"date":"2020-09-14T10:58:19","date_gmt":"2020-09-14T07:58:19","guid":{"rendered":"https:\/\/lila-spirit.ro\/wp\/?page_id=3913"},"modified":"2020-09-14T21:28:51","modified_gmt":"2020-09-14T18:28:51","slug":"despre-karma-yoga","status":"publish","type":"page","link":"https:\/\/lila-spirit.ro\/wp\/?page_id=3913","title":{"rendered":"Despre KARMA YOGA&#8230;"},"content":{"rendered":"\n<p><strong>Despre KARMA YOGA\u2026<\/strong><\/p>\n\n\n\n<p> <br>Antigona:  Oare ne mai po\u021bi preciza, la obiect, ce \u00eenseamn\u0103, de fapt, karma yoga?! Pentru c\u0103, \u00een  ultimul an, noi am tot cochetat cu asta&#8230; \u0219i probabil nu ne-a prea  ie\u0219it a\u0219a cum trebuie&#8230; Este vorba despre noi to\u021bi, ca de obicei&#8230;,  fiecare pierdut, pe undeva, \u00een propriul \u201deu\u201d! Pentru c\u0103, pe oriunde m\u0103  \u00eentorc, nu dau&#8230; dec\u00e2t de mine! <\/p>\n\n\n\n<p class=\"has-background has-pale-pink-background-color\"><strong><em>&#8211; Karma\nyoga \u00eenseamn\u0103 a te pune \u00een slujba altora. Dar a face asta \u00eentr-un mod anume:<\/em><\/strong><\/p>\n\n\n\n<p>Dintr-o inim\u0103\ndeschis\u0103, dintr-un prea plin de drag \u0219i compasiune\u2026<\/p>\n\n\n\n<p>A face pentru\nal\u021bii \u2013 complet dezinteresat, doar de dragul lor (\u0219i nu de dragul t\u0103u, cum va\nrezulta din cele de mai jos\u2026).<\/p>\n\n\n\n<p>A nu te valoriza,\nprin &nbsp;asta \u2013 \u00een nici un fel (\u201d\u00ee\u021bi ar\u0103t eu\ncum se fac lucrurile\u201d, \u201d\u0219tiu eu mai bine dec\u00e2t tine\u201d, \u201dfac eu \u00een locul t\u0103u,\npentru c\u0103\u2026\u201d, \u201df\u0103r\u0103 mine nu ai s\u0103 te descurci\u201d, \u201dacum ai ajuns la m\u00e2na mea, \u00een\nsf\u00e2r\u0219it\u201d)<\/p>\n\n\n\n<p>A face pentru\nal\u021bii \u2013 f\u0103r\u0103 critic\u0103, f\u0103r\u0103 resentimente, f\u0103r\u0103 \u201da le scoate pe nas\u201d ajutorul\u2026<\/p>\n\n\n\n<p>F\u0103r\u0103 nici o urm\u0103\ndemonstrativ\u0103, f\u0103r\u0103 nici un beneficiu pentru egou-\u021bul t\u0103u!<\/p>\n\n\n\n<p>A face pentru al\u021bii \u2013 dar nu din obliga\u021bie, din vinov\u0103\u021bie, din a le ar\u0103ta altora c\u00e2t e\u0219ti tu de bun \u0219i de participativ, din nevoia ta obsesiv\u0103 de a te face util \u0219i de a fi valorizat\u2026<\/p>\n\n\n\n<p>\u0218i nici din\nru\u0219ine, pentru c\u0103 al\u021bii fac \u2013 iar tu, nu. \u0218i nici arunc\u00e2nd c\u00e2teva f\u0103r\u0103mituri\n(de munc\u0103, de timp, etc.) sau din ce ai tu cu prisosin\u021b\u0103\u2026 (obiecte, bani, etc.)\n\u2013 doar ca s\u0103 par\u0103 c\u0103 faci \u0219i tu ceva, pe l\u00e2ng\u0103 ceilal\u021bi, din aceea\u0219i ru\u0219ine.<\/p>\n\n\n\n<p>A face pentru\nal\u021bii f\u0103r\u0103 s\u0103-\u021bi pui, pe primul plan, timpul t\u0103u \u201dliber\u201d, odihna, interesele,\ndistrac\u021biile \u0219i programul t\u0103u cel de ne-modificat (chestiuni care primeaz\u0103,\n\u00eentotdeauna, la mare distan\u021b\u0103!). \u0218i f\u0103r\u0103 a considera asta \u201dun sacrificiu\u201d, f\u0103r\u0103\ns\u0103-\u021bi \u201dstea \u00een g\u00e2t\u201d ajutorul dat \u00een acest fel! <\/p>\n\n\n\n<p>F\u0103r\u0103 reverbera\u021bii\nde nemul\u021bumire, \u00een mintea ta, \u00een urm\u0103toarele ore\u2026 sau zile!<\/p>\n\n\n\n<p>F\u0103r\u0103 justific\u0103ri,\nexplica\u021bii, scenarii (ale min\u021bii tale) \u2013 pentru c\u0103 nu ai f\u0103cut; sau pentru c\u0103 ai\nf\u0103cut, din nou, exact cum ai vrut tu! Sunt doar proptelele imaginii de sine.\nMai bine ai face s\u0103 te vezi!<\/p>\n\n\n\n<p>A face pentru\nal\u021bii \u2013 nel\u0103s\u00e2ndu-i s\u0103 te roage la nesf\u00e2r\u0219it, s\u0103 le fie ru\u0219ine, deja, de prea\nmult\u0103 rug\u0103minte, s\u0103 ajung\u0103 s\u0103 se umileasc\u0103\u2026, pentru ca, la un moment dat, s\u0103\ncatadicse\u0219ti tu \u201ds\u0103 te apleci\u201d c\u0103tre ei, am\u0103r\u00e2\u021bii, de la \u00een\u0103l\u021bimea ta \u0219i s\u0103-i\naju\u021bi, f\u0103c\u00e2ndu-le o mare favoare\u2026<\/p>\n\n\n\n<p>A face pentru\nal\u021bii \u2013 dar nu ca s\u0103 aduni bile albe (s\u0103 cump\u0103r\u0103m ceva \u201dkarm\u0103 bun\u0103\u201d).<\/p>\n\n\n\n<p>A fi fluid, a\n\u00een\u021belege sensul muncii tale \u2013 \u00een contextul curgerii Universului\u2026<\/p>\n\n\n\n<p>A \u0219ti, p\u00e2n\u0103 la\nurm\u0103, \u00een ce const\u0103 acel ajutor ! (Iar aici urmeaz\u0103 o alt\u0103 discu\u021bie, despre\ninteriorul t\u0103u, despre a sim\u021bi lucrurile, despre a da ajutorul corect! Exist\u0103\nalte texte \u0219i exist\u0103 ni\u0219te sute de pagini tip\u0103rite!)<\/p>\n\n\n\n<p><em>Poate c\u0103 lista de mai sus v\u0103 este de ajutor \u00eentr-o prim\u0103\nauto-evaluare ad hoc a gesturilor zilnice sau de via\u021b\u0103 (pe care le crede\u021bi\/\nspera\u021bi\/ v\u0103 auto-p\u0103c\u0103li\u021bi a fi karma yoga).<\/em><\/p>\n\n\n\n<p><em>\u0218i \u00eenc\u0103 ceva: ne-f\u0103c\u00e2nd lucrurile \u00een modul de mai sus, nu\nreu\u0219i\u021bi dec\u00e2t s\u0103 impregna\u021bi eventualele ac\u021biuni comune \u2013 cu negativit\u0103\u021bile \u0219i\notrava dvs., stric\u00e2nd, \u00een acest mod, bunele inten\u021bii \u0219i ac\u021biuni sincere \u2013 ale altora.<\/em><\/p>\n\n\n\n<div style=\"height:50px\" aria-hidden=\"true\" class=\"wp-block-spacer\"><\/div>\n\n\n\n<p class=\"has-background has-pale-pink-background-color\"><strong><em>Ce a mai r\u0103mas?! <\/em><\/strong><\/p>\n\n\n\n<p class=\"has-text-color has-background has-vivid-red-color has-very-light-gray-background-color\"><strong><em>Exact acel drag de celelalte fiin\u021be, de Existen\u021b\u0103\u2026<\/em><\/strong><\/p>\n\n\n\n<p class=\"has-text-color has-background has-vivid-red-color has-very-light-gray-background-color\"><strong><em>Compasiunea, mintea \u0219i atitudinea bodhicitta\u2026<\/em><\/strong><\/p>\n\n\n\n<p class=\"has-text-color has-background has-vivid-red-color has-very-light-gray-background-color\"><strong><em>A mai r\u0103mas \u00cemp\u0103rt\u0103\u0219irea\u2026<\/em><\/strong><\/p>\n\n\n\n<p class=\"has-text-color has-background has-vivid-red-color has-very-light-gray-background-color\"><strong><em>A mai r\u0103mas Ofranda muncii tale\u2026<\/em><\/strong><\/p>\n\n\n\n<p class=\"has-text-color has-background has-vivid-red-color has-very-light-gray-background-color\"><strong><em>A mai r\u0103mas participarea, de drag, la Crea\u021bie\u2026<\/em><\/strong><\/p>\n\n\n\n<p class=\"has-text-color has-background has-vivid-red-color has-very-light-gray-background-color\"><strong><em>Sau m\u0103car la o lume omeneasc\u0103 mai simpl\u0103, mai curat\u0103, mai bun\u0103\u2026<\/em><\/strong><\/p>\n\n\n\n<p class=\"has-text-color has-background has-vivid-red-color has-very-light-gray-background-color\"><strong><em>Pentru ca, ajutorul ultim \u2013 \u0219i corect s\u0103 fie acela dat de o fiin\u021b\u0103 iluminat\u0103\n(vezi Practica Guru yoga). De unde aspira\u021bia ta de a ajunge Acolo, pentru a\nputea ajuta \u0219i tu, vreodat\u0103, \u00een mod real \u0219i frumos!<\/em><\/strong><\/p>\n\n\n\n<div style=\"height:50px\" aria-hidden=\"true\" class=\"wp-block-spacer\"><\/div>\n\n\n\n<p><strong><em>Desigur, lucrurile se antreneaz\u0103, exact acesta este\nsensul PRACTICII \u0219i DISIPLINEI karma yoga, de a \u00eencerca s\u0103 facem lucrurile\n\u00een acest mod. Strunindu-ne, auto-observ\u00e2ndu-ne, corect\u00e2ndu-ne, mereu! Pentru a\najunge la mintea \u0219i atitudine Bodhicitta\u2026<\/em><\/strong><\/p>\n\n\n\n<p><strong><em>Atitudine corect\u0103, vedere corect\u0103 \u0219i ac\u021biune corect\u0103! <\/em><\/strong><\/p>\n\n\n\n<p><strong><em>Antren\u00e2ndu-ne o alt\u0103 percep\u021bie, pornit\u0103 din inima\ndeschis\u0103! <\/em><\/strong><\/p>\n\n\n\n<p><strong><em>Deschiz\u00e2nd acea inim\u0103 \u2013 ca s\u0103 avem un punct de plecare\u2026<\/em><\/strong><\/p>\n\n\n\n<div style=\"height:50px\" aria-hidden=\"true\" class=\"wp-block-spacer\"><\/div>\n\n\n\n<p>Spunea, un Lama\n\u00een\u021belept: \u201dDac\u0103 te preocup\u0103, \u00een primul r\u00e2nd, interesele \u0219i bun\u0103starea proprie \u2013\n\u00eenseamn\u0103 c\u0103 nu ai intrat, \u00eenc\u0103, pe Cale. \u0218i \u00eenseamn\u0103 c\u0103 nu ai \u00een\u021beles mare\nlucru, mintea ta este, \u00eenc\u0103, complet neschimbat\u0103\u201d.<\/p>\n\n\n\n<p>Cred c\u0103 asta spune\ntotul. \u00cen acela\u0219i timp fiind o metod\u0103 extrem de rapid\u0103 de auto-evaluare.<\/p>\n","protected":false},"excerpt":{"rendered":"<p>Despre KARMA YOGA\u2026 Antigona: Oare ne mai po\u021bi preciza, la obiect, ce \u00eenseamn\u0103, de fapt, karma yoga?! Pentru c\u0103, \u00een ultimul an, noi am tot cochetat cu asta&#8230; \u0219i probabil nu ne-a prea ie\u0219it a\u0219a cum trebuie&#8230; Este vorba despre noi to\u021bi, ca de obicei&#8230;, fiecare pierdut, pe undeva, \u00een propriul \u201deu\u201d! Pentru c\u0103, pe [&hellip;]<\/p>\n","protected":false},"author":1,"featured_media":0,"parent":2617,"menu_order":0,"comment_status":"closed","ping_status":"closed","template":"","meta":[],"_links":{"self":[{"href":"https:\/\/lila-spirit.ro\/wp\/index.php?rest_route=\/wp\/v2\/pages\/3913"}],"collection":[{"href":"https:\/\/lila-spirit.ro\/wp\/index.php?rest_route=\/wp\/v2\/pages"}],"about":[{"href":"https:\/\/lila-spirit.ro\/wp\/index.php?rest_route=\/wp\/v2\/types\/page"}],"author":[{"embeddable":true,"href":"https:\/\/lila-spirit.ro\/wp\/index.php?rest_route=\/wp\/v2\/users\/1"}],"replies":[{"embeddable":true,"href":"https:\/\/lila-spirit.ro\/wp\/index.php?rest_route=%2Fwp%2Fv2%2Fcomments&post=3913"}],"version-history":[{"count":6,"href":"https:\/\/lila-spirit.ro\/wp\/index.php?rest_route=\/wp\/v2\/pages\/3913\/revisions"}],"predecessor-version":[{"id":3930,"href":"https:\/\/lila-spirit.ro\/wp\/index.php?rest_route=\/wp\/v2\/pages\/3913\/revisions\/3930"}],"up":[{"embeddable":true,"href":"https:\/\/lila-spirit.ro\/wp\/index.php?rest_route=\/wp\/v2\/pages\/2617"}],"wp:attachment":[{"href":"https:\/\/lila-spirit.ro\/wp\/index.php?rest_route=%2Fwp%2Fv2%2Fmedia&parent=3913"}],"curies":[{"name":"wp","href":"https:\/\/api.w.org\/{rel}","templated":true}]}}